{"id":138,"date":"2015-09-30T16:17:46","date_gmt":"2015-09-30T16:17:46","guid":{"rendered":"http:\/\/www.hahnes.se\/emigranten\/?page_id=138"},"modified":"2019-05-20T11:46:09","modified_gmt":"2019-05-20T09:46:09","slug":"about-us","status":"publish","type":"page","link":"http:\/\/hahnes.se\/emigranten\/?page_id=138","title":{"rendered":"Om mig"},"content":{"rendered":"<figure id=\"attachment_279\" class=\"thumbnail wp-caption alignleft\" style=\"width: 300px\"><a href=\"http:\/\/www.hahnes.se\/emigranten\/wp-content\/uploads\/2015\/09\/urban1.jpg\"><img loading=\"lazy\" decoding=\"async\" class=\"size-medium wp-image-279\" src=\"http:\/\/www.hahnes.se\/emigranten\/wp-content\/uploads\/2015\/09\/urban1-300x225.jpg\" alt=\"OLYMPUS DIGITAL CAMERA\" width=\"300\" height=\"225\" srcset=\"http:\/\/hahnes.se\/emigranten\/wp-content\/uploads\/2015\/09\/urban1-300x225.jpg 300w, http:\/\/hahnes.se\/emigranten\/wp-content\/uploads\/2015\/09\/urban1-1024x768.jpg 1024w\" sizes=\"auto, (max-width: 300px) 100vw, 300px\" \/><\/a><figcaption class=\"caption wp-caption-text\">Baren i Boat House Boca Chica<\/figcaption><\/figure>\n<h4>Vem \u00e4r jag?<\/h4>\n<p>Det \u00e4r jag inte 100 procent s\u00e4ker p\u00e5 sj\u00e4lv. Jag menar, \u00e4r det n\u00e5gon som \u00e4r helt s\u00e4ker p\u00e5 vem han eller hon verkligen \u00e4r? Jag skall i alla fall f\u00f6rs\u00f6ka beskriva mig s\u00e5 bra jag kan.<\/p>\n<p>Jag \u00e4r i b\u00f6rjan p\u00e5 mitt sextio\u00e5ttonde \u00e5r av mitt liv och har varit pension\u00e4r i sju \u00e5r nu. Jag \u00e4r helt ointresserad av sport, s\u00e5 jag ser inte fram mot vintertider n\u00e4r man kan \u00e5ka skidor och skridskor och s\u00e5dan skit. Nej, det \u00e4r bara sol hav och varma dagar som tilltalar mig.&nbsp;<\/p>\n<p>P\u00e5 vintern h\u00e5ller jag mig mesta tiden innomhus och leker med elektronikkonstruktioner, snickerier eller pysslar med n\u00e5got mekaniskt projekt, jag l\u00e4gger \u00e4ven mycket tid p\u00e5 datorprogrammering.<\/p>\n<p>Jag lever ensam och har heller inga husdjur. Jag har ett f\u00e5tal v\u00e4nner som jag kan kalla verkligt n\u00e4ra v\u00e4nner.M\u00e5nga av mina gamla v\u00e4nner har sorgligt nog l\u00e4mnat detta jordeliv. Jag \u00e4r ju i den \u00e5lder n\u00e4r det \u00e4r naturligt. men det \u00e4r tr\u00e5kigt varje g\u00e5ng en n\u00e4ra v\u00e4n l\u00e4mnar detta liv. Mina b\u00e5da f\u00f6r\u00e4ldrar \u00e4r borta men jag har alla mina fem syskon i livet, kanske f\u00f6r att jag \u00e4r \u00e4ldst av oss.<\/p>\n<p>Jag tycker mycket om att laga god mat och \u00e4ta den. Kanske lite f\u00f6r mycket f\u00f6r att det har en stor effekt p\u00e5 vissa kroppsdelar.. Men det skall vara gott att leva annars kan det kvitta. Det \u00e4r jag!<\/p>\n","protected":false},"excerpt":{"rendered":"<p>Vem \u00e4r jag? Det \u00e4r jag inte 100 procent s\u00e4ker p\u00e5 sj\u00e4lv. Jag menar, \u00e4r det n\u00e5gon som \u00e4r helt s\u00e4ker p\u00e5 vem han eller hon verkligen \u00e4r? Jag skall i alla fall f\u00f6rs\u00f6ka beskriva mig s\u00e5 bra jag kan. &hellip; <a href=\"http:\/\/hahnes.se\/emigranten\/?page_id=138\">Continued<\/a><\/p>\n","protected":false},"author":1,"featured_media":0,"parent":0,"menu_order":0,"comment_status":"closed","ping_status":"closed","template":"","meta":{"kt_blocks_editor_width":"","footnotes":""},"class_list":["post-138","page","type-page","status-publish","hentry"],"_links":{"self":[{"href":"http:\/\/hahnes.se\/emigranten\/index.php?rest_route=\/wp\/v2\/pages\/138","targetHints":{"allow":["GET"]}}],"collection":[{"href":"http:\/\/hahnes.se\/emigranten\/index.php?rest_route=\/wp\/v2\/pages"}],"about":[{"href":"http:\/\/hahnes.se\/emigranten\/index.php?rest_route=\/wp\/v2\/types\/page"}],"author":[{"embeddable":true,"href":"http:\/\/hahnes.se\/emigranten\/index.php?rest_route=\/wp\/v2\/users\/1"}],"replies":[{"embeddable":true,"href":"http:\/\/hahnes.se\/emigranten\/index.php?rest_route=%2Fwp%2Fv2%2Fcomments&post=138"}],"version-history":[{"count":26,"href":"http:\/\/hahnes.se\/emigranten\/index.php?rest_route=\/wp\/v2\/pages\/138\/revisions"}],"predecessor-version":[{"id":2417,"href":"http:\/\/hahnes.se\/emigranten\/index.php?rest_route=\/wp\/v2\/pages\/138\/revisions\/2417"}],"wp:attachment":[{"href":"http:\/\/hahnes.se\/emigranten\/index.php?rest_route=%2Fwp%2Fv2%2Fmedia&parent=138"}],"curies":[{"name":"wp","href":"https:\/\/api.w.org\/{rel}","templated":true}]}}